{"id":315,"date":"2022-02-10T12:49:41","date_gmt":"2022-02-10T12:49:41","guid":{"rendered":"https:\/\/www.sedexpo.com\/?page_id=315"},"modified":"2022-05-24T16:13:51","modified_gmt":"2022-05-24T16:13:51","slug":"presentacion","status":"publish","type":"page","link":"https:\/\/www.salimat.es\/2022\/presentacion\/","title":{"rendered":"Presentaci\u00f3n"},"content":{"rendered":"\t\t<div data-elementor-type=\"wp-page\" data-elementor-id=\"315\" class=\"elementor elementor-315\">\n\t\t\t\t\t\t\t\t\t<section class=\"elementor-section elementor-top-section elementor-element elementor-element-b5d0192 elementor-section-height-min-height elementor-section-boxed elementor-section-height-default elementor-section-items-middle\" data-id=\"b5d0192\" data-element_type=\"section\" data-settings=\"{&quot;background_background&quot;:&quot;classic&quot;}\">\n\t\t\t\t\t\t<div class=\"elementor-container elementor-column-gap-default\">\n\t\t\t\t\t<div class=\"elementor-column elementor-col-100 elementor-top-column elementor-element elementor-element-0378f73\" data-id=\"0378f73\" data-element_type=\"column\">\n\t\t\t<div class=\"elementor-widget-wrap elementor-element-populated\">\n\t\t\t\t\t\t\t\t\t<\/div>\n\t\t<\/div>\n\t\t\t\t\t\t\t<\/div>\n\t\t<\/section>\n\t\t\t\t<section class=\"elementor-section elementor-top-section elementor-element elementor-element-3ffcc43 elementor-section-boxed elementor-section-height-default elementor-section-height-default\" data-id=\"3ffcc43\" data-element_type=\"section\">\n\t\t\t\t\t\t<div class=\"elementor-container elementor-column-gap-default\">\n\t\t\t\t\t<div class=\"elementor-column elementor-col-100 elementor-top-column elementor-element elementor-element-e4f4bc5\" data-id=\"e4f4bc5\" data-element_type=\"column\">\n\t\t\t<div class=\"elementor-widget-wrap elementor-element-populated\">\n\t\t\t\t\t\t\t\t<div class=\"elementor-element elementor-element-0cd925a elementor-widget elementor-widget-image\" data-id=\"0cd925a\" data-element_type=\"widget\" data-widget_type=\"image.default\">\n\t\t\t\t<div class=\"elementor-widget-container\">\n\t\t\t<style>\/*! elementor - v3.8.0 - 30-10-2022 *\/\n.elementor-widget-image{text-align:center}.elementor-widget-image a{display:inline-block}.elementor-widget-image a img[src$=\".svg\"]{width:48px}.elementor-widget-image img{vertical-align:middle;display:inline-block}<\/style>\t\t\t\t\t\t\t\t\t\t\t\t\t<a href=\"https:\/\/www.xunta.gal\" target=\"_blank\">\n\t\t\t\t\t\t\t<img loading=\"lazy\" decoding=\"async\" width=\"636\" height=\"87\" src=\"https:\/\/www.salimat.es\/2022\/wp-content\/uploads\/2022\/05\/xunta.png\" class=\"attachment-large size-large\" alt=\"\" srcset=\"https:\/\/www.salimat.es\/2022\/wp-content\/uploads\/2022\/05\/xunta.png 636w, https:\/\/www.salimat.es\/2022\/wp-content\/uploads\/2022\/05\/xunta-300x41.png 300w\" sizes=\"(max-width: 636px) 100vw, 636px\" \/>\t\t\t\t\t\t\t\t<\/a>\n\t\t\t\t\t\t\t\t\t\t\t\t\t\t\t<\/div>\n\t\t\t\t<\/div>\n\t\t\t\t\t<\/div>\n\t\t<\/div>\n\t\t\t\t\t\t\t<\/div>\n\t\t<\/section>\n\t\t\t\t<section class=\"elementor-section elementor-top-section elementor-element elementor-element-9e023b7 elementor-section-boxed elementor-section-height-default elementor-section-height-default\" data-id=\"9e023b7\" data-element_type=\"section\">\n\t\t\t\t\t\t<div class=\"elementor-container elementor-column-gap-default\">\n\t\t\t\t\t<div class=\"elementor-column elementor-col-100 elementor-top-column elementor-element elementor-element-9051cdd\" data-id=\"9051cdd\" data-element_type=\"column\">\n\t\t\t<div class=\"elementor-widget-wrap elementor-element-populated\">\n\t\t\t\t\t\t\t\t<div class=\"elementor-element elementor-element-284b184 elementor-invisible elementor-widget elementor-widget-image\" data-id=\"284b184\" data-element_type=\"widget\" data-settings=\"{&quot;_animation&quot;:&quot;fadeInUp&quot;,&quot;_animation_delay&quot;:100,&quot;_animation_tablet&quot;:&quot;none&quot;}\" data-widget_type=\"image.default\">\n\t\t\t\t<div class=\"elementor-widget-container\">\n\t\t\t\t\t\t\t\t\t\t\t\t\t\t\t<img decoding=\"async\" src=\"https:\/\/www.salimat.es\/2022\/wp-content\/uploads\/elementor\/thumbs\/salimat-pm05yqqr71tobfi1xsymqnbzui5ucxb4a21gnb3svy.png\" title=\"salimat\" alt=\"salimat\" \/>\t\t\t\t\t\t\t\t\t\t\t\t\t\t\t<\/div>\n\t\t\t\t<\/div>\n\t\t\t\t<div class=\"elementor-element elementor-element-9a03772 elementor-invisible elementor-widget elementor-widget-heading\" data-id=\"9a03772\" data-element_type=\"widget\" data-settings=\"{&quot;_animation&quot;:&quot;fadeInUp&quot;,&quot;_animation_delay&quot;:100,&quot;_animation_tablet&quot;:&quot;none&quot;}\" data-widget_type=\"heading.default\">\n\t\t\t\t<div class=\"elementor-widget-container\">\n\t\t\t<style>\/*! elementor - v3.8.0 - 30-10-2022 *\/\n.elementor-heading-title{padding:0;margin:0;line-height:1}.elementor-widget-heading .elementor-heading-title[class*=elementor-size-]>a{color:inherit;font-size:inherit;line-height:inherit}.elementor-widget-heading .elementor-heading-title.elementor-size-small{font-size:15px}.elementor-widget-heading .elementor-heading-title.elementor-size-medium{font-size:19px}.elementor-widget-heading .elementor-heading-title.elementor-size-large{font-size:29px}.elementor-widget-heading .elementor-heading-title.elementor-size-xl{font-size:39px}.elementor-widget-heading .elementor-heading-title.elementor-size-xxl{font-size:59px}<\/style><h2 class=\"elementor-heading-title elementor-size-default\">SALIMAT ABANCA<\/h2>\t\t<\/div>\n\t\t\t\t<\/div>\n\t\t\t\t<div class=\"elementor-element elementor-element-f76567f elementor-invisible elementor-widget elementor-widget-heading\" data-id=\"f76567f\" data-element_type=\"widget\" data-settings=\"{&quot;_animation&quot;:&quot;fadeInUp&quot;,&quot;_animation_delay&quot;:100,&quot;_animation_tablet&quot;:&quot;none&quot;}\" data-widget_type=\"heading.default\">\n\t\t\t\t<div class=\"elementor-widget-container\">\n\t\t\t<h5 class=\"elementor-heading-title elementor-size-default\">Sal\u00f3n de Alimentaci\u00f3n del Atl\u00e1ntico<\/h5>\t\t<\/div>\n\t\t\t\t<\/div>\n\t\t\t\t\t<\/div>\n\t\t<\/div>\n\t\t\t\t\t\t\t<\/div>\n\t\t<\/section>\n\t\t\t\t<section class=\"elementor-section elementor-top-section elementor-element elementor-element-0fcafc2 elementor-section-boxed elementor-section-height-default elementor-section-height-default\" data-id=\"0fcafc2\" data-element_type=\"section\">\n\t\t\t\t\t\t<div class=\"elementor-container elementor-column-gap-default\">\n\t\t\t\t\t<div class=\"elementor-column elementor-col-100 elementor-top-column elementor-element elementor-element-94c6d8d\" data-id=\"94c6d8d\" data-element_type=\"column\">\n\t\t\t<div class=\"elementor-widget-wrap elementor-element-populated\">\n\t\t\t\t\t\t\t\t<div class=\"elementor-element elementor-element-8db3956 elementor-widget elementor-widget-menu-anchor\" data-id=\"8db3956\" data-element_type=\"widget\" data-widget_type=\"menu-anchor.default\">\n\t\t\t\t<div class=\"elementor-widget-container\">\n\t\t\t<style>\/*! elementor - v3.8.0 - 30-10-2022 *\/\nbody.elementor-page .elementor-widget-menu-anchor{margin-bottom:0}<\/style>\t\t<div id=\"organizadores\" class=\"elementor-menu-anchor\"><\/div>\n\t\t\t\t<\/div>\n\t\t\t\t<\/div>\n\t\t\t\t\t<\/div>\n\t\t<\/div>\n\t\t\t\t\t\t\t<\/div>\n\t\t<\/section>\n\t\t\t\t<section class=\"elementor-section elementor-top-section elementor-element elementor-element-d76c522 elementor-section-boxed elementor-section-height-default elementor-section-height-default\" data-id=\"d76c522\" data-element_type=\"section\">\n\t\t\t\t\t\t<div class=\"elementor-container elementor-column-gap-default\">\n\t\t\t\t\t<div class=\"elementor-column elementor-col-100 elementor-top-column elementor-element elementor-element-6a1b067\" data-id=\"6a1b067\" data-element_type=\"column\">\n\t\t\t<div class=\"elementor-widget-wrap elementor-element-populated\">\n\t\t\t\t\t\t\t\t<div class=\"elementor-element elementor-element-121c8a9 elementor-widget elementor-widget-menu-anchor\" data-id=\"121c8a9\" data-element_type=\"widget\" data-widget_type=\"menu-anchor.default\">\n\t\t\t\t<div class=\"elementor-widget-container\">\n\t\t\t\t\t<div id=\"donde-se-celebra\" class=\"elementor-menu-anchor\"><\/div>\n\t\t\t\t<\/div>\n\t\t\t\t<\/div>\n\t\t\t\t\t<\/div>\n\t\t<\/div>\n\t\t\t\t\t\t\t<\/div>\n\t\t<\/section>\n\t\t\t\t<section class=\"elementor-section elementor-top-section elementor-element elementor-element-4ab88ed elementor-section-full_width elementor-section-height-min-height elementor-section-items-stretch elementor-reverse-tablet elementor-reverse-mobile elementor-section-height-default\" data-id=\"4ab88ed\" data-element_type=\"section\">\n\t\t\t\t\t\t<div class=\"elementor-container elementor-column-gap-no\">\n\t\t\t\t\t<div class=\"elementor-column elementor-col-50 elementor-top-column elementor-element elementor-element-d5eac61 elementor-invisible\" data-id=\"d5eac61\" data-element_type=\"column\" data-settings=\"{&quot;background_background&quot;:&quot;classic&quot;,&quot;animation&quot;:&quot;fadeInLeft&quot;,&quot;animation_delay&quot;:100,&quot;animation_tablet&quot;:&quot;none&quot;}\">\n\t\t\t<div class=\"elementor-widget-wrap elementor-element-populated\">\n\t\t\t\t\t\t\t\t<div class=\"elementor-element elementor-element-dbe1786 elementor-hidden-desktop elementor-widget elementor-widget-spacer\" data-id=\"dbe1786\" data-element_type=\"widget\" data-widget_type=\"spacer.default\">\n\t\t\t\t<div class=\"elementor-widget-container\">\n\t\t\t<style>\/*! elementor - v3.8.0 - 30-10-2022 *\/\n.elementor-column .elementor-spacer-inner{height:var(--spacer-size)}.e-con{--container-widget-width:100%}.e-con-inner>.elementor-widget-spacer,.e-con>.elementor-widget-spacer{width:var(--container-widget-width,var(--spacer-size));-ms-flex-item-align:stretch;align-self:stretch;-ms-flex-negative:0;flex-shrink:0}.e-con-inner>.elementor-widget-spacer>.elementor-widget-container,.e-con-inner>.elementor-widget-spacer>.elementor-widget-container>.elementor-spacer,.e-con>.elementor-widget-spacer>.elementor-widget-container,.e-con>.elementor-widget-spacer>.elementor-widget-container>.elementor-spacer{height:100%}.e-con-inner>.elementor-widget-spacer>.elementor-widget-container>.elementor-spacer>.elementor-spacer-inner,.e-con>.elementor-widget-spacer>.elementor-widget-container>.elementor-spacer>.elementor-spacer-inner{height:var(--container-widget-height,var(--spacer-size))}<\/style>\t\t<div class=\"elementor-spacer\">\n\t\t\t<div class=\"elementor-spacer-inner\"><\/div>\n\t\t<\/div>\n\t\t\t\t<\/div>\n\t\t\t\t<\/div>\n\t\t\t\t\t<\/div>\n\t\t<\/div>\n\t\t\t\t<div class=\"elementor-column elementor-col-50 elementor-top-column elementor-element elementor-element-2d88416 elementor-invisible\" data-id=\"2d88416\" data-element_type=\"column\" data-settings=\"{&quot;animation&quot;:&quot;fadeInRight&quot;,&quot;animation_delay&quot;:100,&quot;animation_tablet&quot;:&quot;none&quot;}\">\n\t\t\t<div class=\"elementor-widget-wrap elementor-element-populated\">\n\t\t\t\t\t\t\t\t<div class=\"elementor-element elementor-element-6f4249f sedexpo-heading-underline elementor-widget-tablet__width-inherit elementor-invisible elementor-widget elementor-widget-heading\" data-id=\"6f4249f\" data-element_type=\"widget\" data-settings=\"{&quot;_animation_delay&quot;:100,&quot;_animation&quot;:&quot;fadeInUp&quot;,&quot;_animation_tablet&quot;:&quot;none&quot;}\" data-widget_type=\"heading.default\">\n\t\t\t\t<div class=\"elementor-widget-container\">\n\t\t\t<h2 class=\"elementor-heading-title elementor-size-default\">\u00bfD\u00f3nde se celebra?<\/h2>\t\t<\/div>\n\t\t\t\t<\/div>\n\t\t\t\t<div class=\"elementor-element elementor-element-25deb80 elementor-widget-tablet__width-inherit elementor-widget elementor-widget-text-editor\" data-id=\"25deb80\" data-element_type=\"widget\" data-widget_type=\"text-editor.default\">\n\t\t\t\t<div class=\"elementor-widget-container\">\n\t\t\t<style>\/*! elementor - v3.8.0 - 30-10-2022 *\/\n.elementor-widget-text-editor.elementor-drop-cap-view-stacked .elementor-drop-cap{background-color:#818a91;color:#fff}.elementor-widget-text-editor.elementor-drop-cap-view-framed .elementor-drop-cap{color:#818a91;border:3px solid;background-color:transparent}.elementor-widget-text-editor:not(.elementor-drop-cap-view-default) .elementor-drop-cap{margin-top:8px}.elementor-widget-text-editor:not(.elementor-drop-cap-view-default) .elementor-drop-cap-letter{width:1em;height:1em}.elementor-widget-text-editor .elementor-drop-cap{float:left;text-align:center;line-height:1;font-size:50px}.elementor-widget-text-editor .elementor-drop-cap-letter{display:inline-block}<\/style>\t\t\t\t<p><b>SALIMAT ABANCA<\/b> tendr\u00e1 lugar en la <strong>Feira Internacional de Galicia ABANCA<\/strong>, el\u00a0mayor parque de exposiciones del noroeste peninsular.<\/p><p>El recinto est\u00e1 situado en la localidad de <strong>Silleda<\/strong>, a un paso de su ciudad de referencia, Santiago de Compostela.<\/p><p>Cuenta con unas magn\u00edficas infraestructuras: m\u00e1s de 400.000 m2 de superficie, de los cuales se destinan a exposici\u00f3n 35.000 m2 cubiertos (distribuidos en varios pabellones) y 55.000 m2 al aire libre, adem\u00e1s de 27.000 m2 de zonas verdes.<\/p><p>Sus pabellones, su auditorio, sus m\u00faltiples salas y sus espacios exteriores le confieren una gran versatilidad. A ellos se suman sus amplios aparcamientos, un ring verde, un lago artificial e incluso un helipuerto, lo que le permite adaptarse a todo tipo de eventos y necesidades.<\/p>\t\t\t\t\t\t<\/div>\n\t\t\t\t<\/div>\n\t\t\t\t\t<\/div>\n\t\t<\/div>\n\t\t\t\t\t\t\t<\/div>\n\t\t<\/section>\n\t\t\t\t<section class=\"elementor-section elementor-top-section elementor-element elementor-element-ade7aa0 elementor-section-height-min-height elementor-section-boxed elementor-section-height-default elementor-section-items-middle\" data-id=\"ade7aa0\" data-element_type=\"section\" data-settings=\"{&quot;background_background&quot;:&quot;classic&quot;}\">\n\t\t\t\t\t\t<div class=\"elementor-container elementor-column-gap-default\">\n\t\t\t\t\t<div class=\"elementor-column elementor-col-100 elementor-top-column elementor-element elementor-element-785f9f4\" data-id=\"785f9f4\" data-element_type=\"column\">\n\t\t\t<div class=\"elementor-widget-wrap elementor-element-populated\">\n\t\t\t\t\t\t\t\t<div class=\"elementor-element elementor-element-13362d8 elementor-invisible elementor-widget elementor-widget-heading\" data-id=\"13362d8\" data-element_type=\"widget\" data-settings=\"{&quot;_animation&quot;:&quot;fadeInUp&quot;,&quot;_animation_delay&quot;:100,&quot;_animation_tablet&quot;:&quot;none&quot;}\" data-widget_type=\"heading.default\">\n\t\t\t\t<div class=\"elementor-widget-container\">\n\t\t\t<h2 class=\"elementor-heading-title elementor-size-default\">Silleda y su recinto ferial,<br>\n<span class=\"sedexpo-heading-smaller-text\">a un paso de Santiago de Compostela<\/span><\/h2>\t\t<\/div>\n\t\t\t\t<\/div>\n\t\t\t\t\t<\/div>\n\t\t<\/div>\n\t\t\t\t\t\t\t<\/div>\n\t\t<\/section>\n\t\t\t\t<section class=\"elementor-section elementor-top-section elementor-element elementor-element-016df99 elementor-section-boxed elementor-section-height-default elementor-section-height-default\" data-id=\"016df99\" data-element_type=\"section\">\n\t\t\t\t\t\t<div class=\"elementor-container elementor-column-gap-default\">\n\t\t\t\t\t<div class=\"elementor-column elementor-col-100 elementor-top-column elementor-element elementor-element-b7d95ee\" data-id=\"b7d95ee\" data-element_type=\"column\">\n\t\t\t<div class=\"elementor-widget-wrap elementor-element-populated\">\n\t\t\t\t\t\t\t\t<div class=\"elementor-element elementor-element-455d820 elementor-widget elementor-widget-menu-anchor\" data-id=\"455d820\" data-element_type=\"widget\" data-widget_type=\"menu-anchor.default\">\n\t\t\t\t<div class=\"elementor-widget-container\">\n\t\t\t\t\t<div id=\"como-llegar\" class=\"elementor-menu-anchor\"><\/div>\n\t\t\t\t<\/div>\n\t\t\t\t<\/div>\n\t\t\t\t\t<\/div>\n\t\t<\/div>\n\t\t\t\t\t\t\t<\/div>\n\t\t<\/section>\n\t\t\t\t<section class=\"elementor-section elementor-top-section elementor-element elementor-element-b48360d elementor-section-boxed elementor-section-height-default elementor-section-height-default\" data-id=\"b48360d\" data-element_type=\"section\">\n\t\t\t\t\t\t<div class=\"elementor-container elementor-column-gap-default\">\n\t\t\t\t\t<div class=\"elementor-column elementor-col-100 elementor-top-column elementor-element elementor-element-4e45e55\" data-id=\"4e45e55\" data-element_type=\"column\">\n\t\t\t<div class=\"elementor-widget-wrap elementor-element-populated\">\n\t\t\t\t\t\t\t\t<div class=\"elementor-element elementor-element-aa0706a elementor-invisible elementor-widget elementor-widget-image\" data-id=\"aa0706a\" data-element_type=\"widget\" data-settings=\"{&quot;_animation&quot;:&quot;fadeInUp&quot;,&quot;_animation_delay&quot;:100,&quot;_animation_tablet&quot;:&quot;none&quot;}\" data-widget_type=\"image.default\">\n\t\t\t\t<div class=\"elementor-widget-container\">\n\t\t\t\t\t\t\t\t\t\t\t\t\t\t\t<img decoding=\"async\" src=\"https:\/\/www.salimat.es\/2022\/wp-content\/uploads\/elementor\/thumbs\/salimat-pm05yqqr71tobfi1xsymqnbzui5ucxb4a21gnb3svy.png\" title=\"salimat\" alt=\"salimat\" \/>\t\t\t\t\t\t\t\t\t\t\t\t\t\t\t<\/div>\n\t\t\t\t<\/div>\n\t\t\t\t<div class=\"elementor-element elementor-element-f4d0502 sedexpo-heading-underline elementor-invisible elementor-widget elementor-widget-heading\" data-id=\"f4d0502\" data-element_type=\"widget\" data-settings=\"{&quot;_animation&quot;:&quot;fadeInUp&quot;,&quot;_animation_delay&quot;:100,&quot;_animation_tablet&quot;:&quot;none&quot;}\" data-widget_type=\"heading.default\">\n\t\t\t\t<div class=\"elementor-widget-container\">\n\t\t\t<h2 class=\"elementor-heading-title elementor-size-default\">\u00bfC\u00f3mo llegar?<\/h2>\t\t<\/div>\n\t\t\t\t<\/div>\n\t\t\t\t\t<\/div>\n\t\t<\/div>\n\t\t\t\t\t\t\t<\/div>\n\t\t<\/section>\n\t\t\t\t<section class=\"elementor-section elementor-top-section elementor-element elementor-element-e292d14 elementor-section-full_width elementor-section-height-default elementor-section-height-default\" data-id=\"e292d14\" data-element_type=\"section\">\n\t\t\t\t\t\t<div class=\"elementor-container elementor-column-gap-no\">\n\t\t\t\t\t<div class=\"elementor-column elementor-col-50 elementor-top-column elementor-element elementor-element-f43acb4 elementor-invisible\" data-id=\"f43acb4\" data-element_type=\"column\" data-settings=\"{&quot;animation&quot;:&quot;fadeInLeft&quot;,&quot;animation_delay&quot;:100,&quot;animation_tablet&quot;:&quot;none&quot;}\">\n\t\t\t<div class=\"elementor-widget-wrap elementor-element-populated\">\n\t\t\t\t\t\t\t\t<div class=\"elementor-element elementor-element-fcd0e06 elementor-widget-tablet__width-inherit elementor-widget elementor-widget-heading\" data-id=\"fcd0e06\" data-element_type=\"widget\" data-widget_type=\"heading.default\">\n\t\t\t\t<div class=\"elementor-widget-container\">\n\t\t\t<h3 class=\"elementor-heading-title elementor-size-default\">Directamente al recinto:<\/h3>\t\t<\/div>\n\t\t\t\t<\/div>\n\t\t\t\t<div class=\"elementor-element elementor-element-445500a elementor-position-left elementor-widget-tablet__width-inherit elementor-view-default elementor-mobile-position-top elementor-vertical-align-top elementor-widget elementor-widget-icon-box\" data-id=\"445500a\" data-element_type=\"widget\" data-widget_type=\"icon-box.default\">\n\t\t\t\t<div class=\"elementor-widget-container\">\n\t\t\t<link rel=\"stylesheet\" href=\"https:\/\/www.salimat.es\/2022\/wp-content\/plugins\/elementor\/assets\/css\/widget-icon-box.min.css\">\t\t<div class=\"elementor-icon-box-wrapper\">\n\t\t\t\t\t\t<div class=\"elementor-icon-box-icon\">\n\t\t\t\t<span class=\"elementor-icon elementor-animation-\" >\n\t\t\t\t<i aria-hidden=\"true\" class=\"fas fa-car\"><\/i>\t\t\t\t<\/span>\n\t\t\t<\/div>\n\t\t\t\t\t\t<div class=\"elementor-icon-box-content\">\n\t\t\t\t<h3 class=\"elementor-icon-box-title\">\n\t\t\t\t\t<span  >\n\t\t\t\t\t\tEn coche\t\t\t\t\t<\/span>\n\t\t\t\t<\/h3>\n\t\t\t\t\t\t\t\t\t<p class=\"elementor-icon-box-description\">\n\t\t\t\t\t\tAutopista AP-53. Salida km. 33\t\t\t\t\t<\/p>\n\t\t\t\t\t\t\t<\/div>\n\t\t<\/div>\n\t\t\t\t<\/div>\n\t\t\t\t<\/div>\n\t\t\t\t<div class=\"elementor-element elementor-element-c71df6c elementor-widget-tablet__width-inherit elementor-widget elementor-widget-heading\" data-id=\"c71df6c\" data-element_type=\"widget\" data-widget_type=\"heading.default\">\n\t\t\t\t<div class=\"elementor-widget-container\">\n\t\t\t<h3 class=\"elementor-heading-title elementor-size-default\">V\u00eda Santiago de Compostela:<\/h3>\t\t<\/div>\n\t\t\t\t<\/div>\n\t\t\t\t<div class=\"elementor-element elementor-element-e7fbe82 elementor-position-left elementor-widget-tablet__width-inherit elementor-view-default elementor-mobile-position-top elementor-vertical-align-top elementor-widget elementor-widget-icon-box\" data-id=\"e7fbe82\" data-element_type=\"widget\" data-widget_type=\"icon-box.default\">\n\t\t\t\t<div class=\"elementor-widget-container\">\n\t\t\t\t\t<div class=\"elementor-icon-box-wrapper\">\n\t\t\t\t\t\t<div class=\"elementor-icon-box-icon\">\n\t\t\t\t<span class=\"elementor-icon elementor-animation-\" >\n\t\t\t\t<i aria-hidden=\"true\" class=\"fas fa-train\"><\/i>\t\t\t\t<\/span>\n\t\t\t<\/div>\n\t\t\t\t\t\t<div class=\"elementor-icon-box-content\">\n\t\t\t\t<h3 class=\"elementor-icon-box-title\">\n\t\t\t\t\t<span  >\n\t\t\t\t\t\tEn tren\t\t\t\t\t<\/span>\n\t\t\t\t<\/h3>\n\t\t\t\t\t\t\t\t\t<p class=\"elementor-icon-box-description\">\n\t\t\t\t\t\tSantiago de Compostela es un importante nudo ferroviario con conexiones de alta velocidad con la mayor parte de urbes gallegas y con la ciudad de Madrid, lo que le abre la posibilidad de conectarse con infinidad de destinos.\t\t\t\t\t<\/p>\n\t\t\t\t\t\t\t<\/div>\n\t\t<\/div>\n\t\t\t\t<\/div>\n\t\t\t\t<\/div>\n\t\t\t\t<div class=\"elementor-element elementor-element-6160afb elementor-position-left elementor-widget-tablet__width-inherit elementor-view-default elementor-mobile-position-top elementor-vertical-align-top elementor-widget elementor-widget-icon-box\" data-id=\"6160afb\" data-element_type=\"widget\" data-widget_type=\"icon-box.default\">\n\t\t\t\t<div class=\"elementor-widget-container\">\n\t\t\t\t\t<div class=\"elementor-icon-box-wrapper\">\n\t\t\t\t\t\t<div class=\"elementor-icon-box-icon\">\n\t\t\t\t<span class=\"elementor-icon elementor-animation-\" >\n\t\t\t\t<i aria-hidden=\"true\" class=\"fas fa-plane\"><\/i>\t\t\t\t<\/span>\n\t\t\t<\/div>\n\t\t\t\t\t\t<div class=\"elementor-icon-box-content\">\n\t\t\t\t<h3 class=\"elementor-icon-box-title\">\n\t\t\t\t\t<span  >\n\t\t\t\t\t\tEn avi\u00f3n\t\t\t\t\t<\/span>\n\t\t\t\t<\/h3>\n\t\t\t\t\t\t\t\t\t<p class=\"elementor-icon-box-description\">\n\t\t\t\t\t\tVuelos directos a Santiago de Compostela desde innumerables destinos nacionales e internacionales.\t\t\t\t\t<\/p>\n\t\t\t\t\t\t\t<\/div>\n\t\t<\/div>\n\t\t\t\t<\/div>\n\t\t\t\t<\/div>\n\t\t\t\t<div class=\"elementor-element elementor-element-a89404b elementor-position-left elementor-widget-tablet__width-inherit elementor-view-default elementor-mobile-position-top elementor-vertical-align-top elementor-widget elementor-widget-icon-box\" data-id=\"a89404b\" data-element_type=\"widget\" data-widget_type=\"icon-box.default\">\n\t\t\t\t<div class=\"elementor-widget-container\">\n\t\t\t\t\t<div class=\"elementor-icon-box-wrapper\">\n\t\t\t\t\t\t<div class=\"elementor-icon-box-icon\">\n\t\t\t\t<span class=\"elementor-icon elementor-animation-\" >\n\t\t\t\t<i aria-hidden=\"true\" class=\"fas fa-train\"><\/i>\t\t\t\t<\/span>\n\t\t\t<\/div>\n\t\t\t\t\t\t<div class=\"elementor-icon-box-content\">\n\t\t\t\t<h3 class=\"elementor-icon-box-title\">\n\t\t\t\t\t<span  >\n\t\t\t\t\t\tEn autob\u00fas\t\t\t\t\t<\/span>\n\t\t\t\t<\/h3>\n\t\t\t\t\t\t\t\t\t<p class=\"elementor-icon-box-description\">\n\t\t\t\t\t\tSantiago de Compostela, como Capital y centro geogr\u00e1fico de nuestra Comunidad, dispone de m\u00faltiples conexiones nacionales e internacionales diarias.\t\t\t\t\t<\/p>\n\t\t\t\t\t\t\t<\/div>\n\t\t<\/div>\n\t\t\t\t<\/div>\n\t\t\t\t<\/div>\n\t\t\t\t\t<\/div>\n\t\t<\/div>\n\t\t\t\t<div class=\"elementor-column elementor-col-50 elementor-top-column elementor-element elementor-element-a77b405 elementor-invisible\" data-id=\"a77b405\" data-element_type=\"column\" data-settings=\"{&quot;animation&quot;:&quot;fadeInRight&quot;,&quot;animation_delay&quot;:100,&quot;animation_tablet&quot;:&quot;none&quot;}\">\n\t\t\t<div class=\"elementor-widget-wrap elementor-element-populated\">\n\t\t\t\t\t\t\t\t<div class=\"elementor-element elementor-element-a0d3ed0 elementor-widget elementor-widget-image\" data-id=\"a0d3ed0\" data-element_type=\"widget\" data-widget_type=\"image.default\">\n\t\t\t\t<div class=\"elementor-widget-container\">\n\t\t\t\t\t\t\t\t\t\t\t\t\t\t\t<img loading=\"lazy\" decoding=\"async\" width=\"1024\" height=\"695\" src=\"https:\/\/www.salimat.es\/2022\/wp-content\/uploads\/2022\/02\/mapa-viaje-1-1024x695.png\" class=\"attachment-large size-large\" alt=\"\" srcset=\"https:\/\/www.salimat.es\/2022\/wp-content\/uploads\/2022\/02\/mapa-viaje-1-1024x695.png 1024w, https:\/\/www.salimat.es\/2022\/wp-content\/uploads\/2022\/02\/mapa-viaje-1-300x204.png 300w, https:\/\/www.salimat.es\/2022\/wp-content\/uploads\/2022\/02\/mapa-viaje-1-768x521.png 768w, https:\/\/www.salimat.es\/2022\/wp-content\/uploads\/2022\/02\/mapa-viaje-1-1536x1043.png 1536w, https:\/\/www.salimat.es\/2022\/wp-content\/uploads\/2022\/02\/mapa-viaje-1.png 2015w\" sizes=\"(max-width: 1024px) 100vw, 1024px\" \/>\t\t\t\t\t\t\t\t\t\t\t\t\t\t\t<\/div>\n\t\t\t\t<\/div>\n\t\t\t\t\t<\/div>\n\t\t<\/div>\n\t\t\t\t\t\t\t<\/div>\n\t\t<\/section>\n\t\t\t\t<section class=\"elementor-section elementor-top-section elementor-element elementor-element-f4826d7 elementor-section-full_width elementor-section-height-default elementor-section-height-default\" data-id=\"f4826d7\" data-element_type=\"section\">\n\t\t\t\t\t\t<div class=\"elementor-container elementor-column-gap-no\">\n\t\t\t\t\t<div class=\"elementor-column elementor-col-100 elementor-top-column elementor-element elementor-element-ec4399c\" data-id=\"ec4399c\" data-element_type=\"column\">\n\t\t\t<div class=\"elementor-widget-wrap elementor-element-populated\">\n\t\t\t\t\t\t\t\t<div class=\"elementor-element elementor-element-c61a6bd elementor-widget elementor-widget-html\" data-id=\"c61a6bd\" data-element_type=\"widget\" data-widget_type=\"html.default\">\n\t\t\t\t<div class=\"elementor-widget-container\">\n\t\t\t<iframe src=\"https:\/\/www.google.com\/maps\/embed?pb=!1m14!1m8!1m3!1d11727.570118245469!2d-8.247496396647964!3d42.705996319866124!3m2!1i1024!2i768!4f13.1!3m3!1m2!1s0x0%3A0xaf96058f22e47396!2sFundaci%C3%B3n%20Semana%20Verde!5e0!3m2!1ses!2ses!4v1645002965705!5m2!1ses!2ses\" width=\"600\" height=\"600\" style=\"border:0;\" allowfullscreen=\"\" loading=\"lazy\"><\/iframe>\t\t<\/div>\n\t\t\t\t<\/div>\n\t\t\t\t\t<\/div>\n\t\t<\/div>\n\t\t\t\t\t\t\t<\/div>\n\t\t<\/section>\n\t\t\t\t\t\t\t<\/div>\n\t\t","protected":false},"excerpt":{"rendered":"<p>SALIMAT ABANCA Sal\u00f3n de Alimentaci\u00f3n del Atl\u00e1ntico \u00bfD\u00f3nde se celebra? SALIMAT ABANCA tendr\u00e1 lugar en la Feira Internacional de Galicia ABANCA, el\u00a0mayor parque de exposiciones del noroeste peninsular. El recinto est\u00e1 situado en la localidad de Silleda, a un paso de su ciudad de referencia, Santiago de Compostela. Cuenta con unas magn\u00edficas infraestructuras: m\u00e1s de &#8230; <a title=\"Presentaci\u00f3n\" class=\"read-more\" href=\"https:\/\/www.salimat.es\/2022\/presentacion\/\" aria-label=\"M\u00e1s en Presentaci\u00f3n\">Leer m\u00e1s<\/a><\/p>\n","protected":false},"author":1,"featured_media":0,"parent":0,"menu_order":0,"comment_status":"closed","ping_status":"closed","template":"elementor_header_footer","meta":{"footnotes":""},"acf":[],"yoast_head":"<!-- This site is optimized with the Yoast SEO plugin v18.1 - https:\/\/yoast.com\/wordpress\/plugins\/seo\/ -->\n<title>Presentaci\u00f3n - Feria Salimat Abanca 2022<\/title>\n<meta name=\"robots\" content=\"index, follow, max-snippet:-1, max-image-preview:large, max-video-preview:-1\" \/>\n<link rel=\"canonical\" href=\"https:\/\/www.salimat.es\/2022\/presentacion\/\" \/>\n<meta property=\"og:locale\" content=\"es_ES\" \/>\n<meta property=\"og:type\" content=\"article\" \/>\n<meta property=\"og:title\" content=\"Presentaci\u00f3n - Feria Salimat Abanca 2022\" \/>\n<meta property=\"og:description\" content=\"SALIMAT ABANCA Sal\u00f3n de Alimentaci\u00f3n del Atl\u00e1ntico \u00bfD\u00f3nde se celebra? SALIMAT ABANCA tendr\u00e1 lugar en la Feira Internacional de Galicia ABANCA, el\u00a0mayor parque de exposiciones del noroeste peninsular. El recinto est\u00e1 situado en la localidad de Silleda, a un paso de su ciudad de referencia, Santiago de Compostela. Cuenta con unas magn\u00edficas infraestructuras: m\u00e1s de ... Leer m\u00e1s\" \/>\n<meta property=\"og:url\" content=\"https:\/\/www.salimat.es\/2022\/presentacion\/\" \/>\n<meta property=\"og:site_name\" content=\"Feria Salimat Abanca 2022\" \/>\n<meta property=\"article:publisher\" content=\"https:\/\/www.facebook.com\/feriasalimat\" \/>\n<meta property=\"article:modified_time\" content=\"2022-05-24T16:13:51+00:00\" \/>\n<meta property=\"og:image\" content=\"https:\/\/www.salimat.es\/2022\/wp-content\/uploads\/2022\/05\/xunta.png\" \/>\n<meta name=\"twitter:card\" content=\"summary_large_image\" \/>\n<meta name=\"twitter:site\" content=\"@SalimatAbanca\" \/>\n<meta name=\"twitter:label1\" content=\"Tiempo de lectura\" \/>\n\t<meta name=\"twitter:data1\" content=\"2 minutos\" \/>\n<script type=\"application\/ld+json\" class=\"yoast-schema-graph\">{\"@context\":\"https:\/\/schema.org\",\"@graph\":[{\"@type\":\"Organization\",\"@id\":\"https:\/\/www.salimat.es\/2022\/#organization\",\"name\":\"SALIMAT\",\"url\":\"https:\/\/www.salimat.es\/2022\/\",\"sameAs\":[\"https:\/\/www.facebook.com\/feriasalimat\",\"https:\/\/es.linkedin.com\/company\/feira-internacional-de-galicia---figa\",\"https:\/\/twitter.com\/SalimatAbanca\"],\"logo\":{\"@type\":\"ImageObject\",\"@id\":\"https:\/\/www.salimat.es\/2022\/#logo\",\"inLanguage\":\"es\",\"url\":\"https:\/\/www.salimat.es\/2022\/wp-content\/uploads\/2022\/03\/salimat.png\",\"contentUrl\":\"https:\/\/www.salimat.es\/2022\/wp-content\/uploads\/2022\/03\/salimat.png\",\"width\":211,\"height\":210,\"caption\":\"SALIMAT\"},\"image\":{\"@id\":\"https:\/\/www.salimat.es\/2022\/#logo\"}},{\"@type\":\"WebSite\",\"@id\":\"https:\/\/www.salimat.es\/2022\/#website\",\"url\":\"https:\/\/www.salimat.es\/2022\/\",\"name\":\"Feria Salimat Abanca 2022\",\"description\":\"Sal\u00f3n de Alimentaci\u00f3n del Atl\u00e1ntico. Silleda 2-5 junio 2022\",\"publisher\":{\"@id\":\"https:\/\/www.salimat.es\/2022\/#organization\"},\"potentialAction\":[{\"@type\":\"SearchAction\",\"target\":{\"@type\":\"EntryPoint\",\"urlTemplate\":\"https:\/\/www.salimat.es\/2022\/?s={search_term_string}\"},\"query-input\":\"required name=search_term_string\"}],\"inLanguage\":\"es\"},{\"@type\":\"ImageObject\",\"@id\":\"https:\/\/www.salimat.es\/2022\/presentacion\/#primaryimage\",\"inLanguage\":\"es\",\"url\":\"https:\/\/www.salimat.es\/2022\/wp-content\/uploads\/2022\/05\/xunta.png\",\"contentUrl\":\"https:\/\/www.salimat.es\/2022\/wp-content\/uploads\/2022\/05\/xunta.png\",\"width\":636,\"height\":87},{\"@type\":\"WebPage\",\"@id\":\"https:\/\/www.salimat.es\/2022\/presentacion\/#webpage\",\"url\":\"https:\/\/www.salimat.es\/2022\/presentacion\/\",\"name\":\"Presentaci\u00f3n - Feria Salimat Abanca 2022\",\"isPartOf\":{\"@id\":\"https:\/\/www.salimat.es\/2022\/#website\"},\"primaryImageOfPage\":{\"@id\":\"https:\/\/www.salimat.es\/2022\/presentacion\/#primaryimage\"},\"datePublished\":\"2022-02-10T12:49:41+00:00\",\"dateModified\":\"2022-05-24T16:13:51+00:00\",\"breadcrumb\":{\"@id\":\"https:\/\/www.salimat.es\/2022\/presentacion\/#breadcrumb\"},\"inLanguage\":\"es\",\"potentialAction\":[{\"@type\":\"ReadAction\",\"target\":[\"https:\/\/www.salimat.es\/2022\/presentacion\/\"]}]},{\"@type\":\"BreadcrumbList\",\"@id\":\"https:\/\/www.salimat.es\/2022\/presentacion\/#breadcrumb\",\"itemListElement\":[{\"@type\":\"ListItem\",\"position\":1,\"name\":\"Portada\",\"item\":\"https:\/\/www.salimat.es\/2022\/\"},{\"@type\":\"ListItem\",\"position\":2,\"name\":\"Presentaci\u00f3n\"}]}]}<\/script>\n<!-- \/ Yoast SEO plugin. -->","yoast_head_json":{"title":"Presentaci\u00f3n - Feria Salimat Abanca 2022","robots":{"index":"index","follow":"follow","max-snippet":"max-snippet:-1","max-image-preview":"max-image-preview:large","max-video-preview":"max-video-preview:-1"},"canonical":"https:\/\/www.salimat.es\/2022\/presentacion\/","og_locale":"es_ES","og_type":"article","og_title":"Presentaci\u00f3n - Feria Salimat Abanca 2022","og_description":"SALIMAT ABANCA Sal\u00f3n de Alimentaci\u00f3n del Atl\u00e1ntico \u00bfD\u00f3nde se celebra? SALIMAT ABANCA tendr\u00e1 lugar en la Feira Internacional de Galicia ABANCA, el\u00a0mayor parque de exposiciones del noroeste peninsular. El recinto est\u00e1 situado en la localidad de Silleda, a un paso de su ciudad de referencia, Santiago de Compostela. Cuenta con unas magn\u00edficas infraestructuras: m\u00e1s de ... Leer m\u00e1s","og_url":"https:\/\/www.salimat.es\/2022\/presentacion\/","og_site_name":"Feria Salimat Abanca 2022","article_publisher":"https:\/\/www.facebook.com\/feriasalimat","article_modified_time":"2022-05-24T16:13:51+00:00","og_image":[{"url":"https:\/\/www.salimat.es\/2022\/wp-content\/uploads\/2022\/05\/xunta.png"}],"twitter_card":"summary_large_image","twitter_site":"@SalimatAbanca","twitter_misc":{"Tiempo de lectura":"2 minutos"},"schema":{"@context":"https:\/\/schema.org","@graph":[{"@type":"Organization","@id":"https:\/\/www.salimat.es\/2022\/#organization","name":"SALIMAT","url":"https:\/\/www.salimat.es\/2022\/","sameAs":["https:\/\/www.facebook.com\/feriasalimat","https:\/\/es.linkedin.com\/company\/feira-internacional-de-galicia---figa","https:\/\/twitter.com\/SalimatAbanca"],"logo":{"@type":"ImageObject","@id":"https:\/\/www.salimat.es\/2022\/#logo","inLanguage":"es","url":"https:\/\/www.salimat.es\/2022\/wp-content\/uploads\/2022\/03\/salimat.png","contentUrl":"https:\/\/www.salimat.es\/2022\/wp-content\/uploads\/2022\/03\/salimat.png","width":211,"height":210,"caption":"SALIMAT"},"image":{"@id":"https:\/\/www.salimat.es\/2022\/#logo"}},{"@type":"WebSite","@id":"https:\/\/www.salimat.es\/2022\/#website","url":"https:\/\/www.salimat.es\/2022\/","name":"Feria Salimat Abanca 2022","description":"Sal\u00f3n de Alimentaci\u00f3n del Atl\u00e1ntico. Silleda 2-5 junio 2022","publisher":{"@id":"https:\/\/www.salimat.es\/2022\/#organization"},"potentialAction":[{"@type":"SearchAction","target":{"@type":"EntryPoint","urlTemplate":"https:\/\/www.salimat.es\/2022\/?s={search_term_string}"},"query-input":"required name=search_term_string"}],"inLanguage":"es"},{"@type":"ImageObject","@id":"https:\/\/www.salimat.es\/2022\/presentacion\/#primaryimage","inLanguage":"es","url":"https:\/\/www.salimat.es\/2022\/wp-content\/uploads\/2022\/05\/xunta.png","contentUrl":"https:\/\/www.salimat.es\/2022\/wp-content\/uploads\/2022\/05\/xunta.png","width":636,"height":87},{"@type":"WebPage","@id":"https:\/\/www.salimat.es\/2022\/presentacion\/#webpage","url":"https:\/\/www.salimat.es\/2022\/presentacion\/","name":"Presentaci\u00f3n - Feria Salimat Abanca 2022","isPartOf":{"@id":"https:\/\/www.salimat.es\/2022\/#website"},"primaryImageOfPage":{"@id":"https:\/\/www.salimat.es\/2022\/presentacion\/#primaryimage"},"datePublished":"2022-02-10T12:49:41+00:00","dateModified":"2022-05-24T16:13:51+00:00","breadcrumb":{"@id":"https:\/\/www.salimat.es\/2022\/presentacion\/#breadcrumb"},"inLanguage":"es","potentialAction":[{"@type":"ReadAction","target":["https:\/\/www.salimat.es\/2022\/presentacion\/"]}]},{"@type":"BreadcrumbList","@id":"https:\/\/www.salimat.es\/2022\/presentacion\/#breadcrumb","itemListElement":[{"@type":"ListItem","position":1,"name":"Portada","item":"https:\/\/www.salimat.es\/2022\/"},{"@type":"ListItem","position":2,"name":"Presentaci\u00f3n"}]}]}},"_links":{"self":[{"href":"https:\/\/www.salimat.es\/2022\/wp-json\/wp\/v2\/pages\/315"}],"collection":[{"href":"https:\/\/www.salimat.es\/2022\/wp-json\/wp\/v2\/pages"}],"about":[{"href":"https:\/\/www.salimat.es\/2022\/wp-json\/wp\/v2\/types\/page"}],"author":[{"embeddable":true,"href":"https:\/\/www.salimat.es\/2022\/wp-json\/wp\/v2\/users\/1"}],"replies":[{"embeddable":true,"href":"https:\/\/www.salimat.es\/2022\/wp-json\/wp\/v2\/comments?post=315"}],"version-history":[{"count":159,"href":"https:\/\/www.salimat.es\/2022\/wp-json\/wp\/v2\/pages\/315\/revisions"}],"predecessor-version":[{"id":2284,"href":"https:\/\/www.salimat.es\/2022\/wp-json\/wp\/v2\/pages\/315\/revisions\/2284"}],"wp:attachment":[{"href":"https:\/\/www.salimat.es\/2022\/wp-json\/wp\/v2\/media?parent=315"}],"curies":[{"name":"wp","href":"https:\/\/api.w.org\/{rel}","templated":true}]}}